{"id":624,"date":"2023-09-05T16:36:32","date_gmt":"2023-09-05T16:36:32","guid":{"rendered":"https:\/\/lacombelsc.wpenginepowered.com\/nos-produits\/construction-seasonal\/porta-water-system\/"},"modified":"2023-11-02T22:36:40","modified_gmt":"2023-11-02T22:36:40","slug":"porta-water-system","status":"publish","type":"page","link":"https:\/\/lacombelsc.com\/fr\/nos-produits\/construction-saisonnier\/porta-water-system\/","title":{"rendered":"PORTA-WATER SYSTEM"},"content":{"rendered":"<p>[et_pb_section fb_built=\u00a0\u00bb1&Prime; _builder_version=\u00a0\u00bb4.22.1&Prime; _module_preset=\u00a0\u00bbdefault\u00a0\u00bb global_colors_info=\u00a0\u00bb{}\u00a0\u00bb][et_pb_row _builder_version=\u00a0\u00bb4.22.1&Prime; _module_preset=\u00a0\u00bbdefault\u00a0\u00bb global_colors_info=\u00a0\u00bb{}\u00a0\u00bb][et_pb_column type=\u00a0\u00bb4_4&Prime; _builder_version=\u00a0\u00bb4.22.1&Prime; _module_preset=\u00a0\u00bbdefault\u00a0\u00bb global_colors_info=\u00a0\u00bb{}\u00a0\u00bb][et_pb_heading title=\u00a0\u00bbSyst\u00e8me \u00e0 r\u00e9servoir d\u2019eau\u00a0\u00bb _builder_version=\u00a0\u00bb4.22.2&Prime; _module_preset=\u00a0\u00bbdefault\u00a0\u00bb title_text_align=\u00a0\u00bbcenter\u00a0\u00bb title_text_color=\u00a0\u00bb#3774c3&Prime; title_font_size=\u00a0\u00bb40px\u00a0\u00bb global_colors_info=\u00a0\u00bb{}\u00a0\u00bb][\/et_pb_heading][\/et_pb_column][\/et_pb_row][et_pb_row column_structure=\u00a0\u00bb1_2,1_2&Prime; _builder_version=\u00a0\u00bb4.22.1&Prime; _module_preset=\u00a0\u00bbdefault\u00a0\u00bb global_colors_info=\u00a0\u00bb{}\u00a0\u00bb][et_pb_column type=\u00a0\u00bb1_2&Prime; _builder_version=\u00a0\u00bb4.22.1&Prime; _module_preset=\u00a0\u00bbdefault\u00a0\u00bb global_colors_info=\u00a0\u00bb{}\u00a0\u00bb][et_pb_text _builder_version=\u00a0\u00bb4.22.1&Prime; _module_preset=\u00a0\u00bbdefault\u00a0\u00bb global_colors_info=\u00a0\u00bb{}\u00a0\u00bb]<\/p>\n<p>Pour les remorques de chantier n\u00e9cessitant un syst\u00e8me d\u2019eau douce autonome.<\/p>\n<p>Notre personnel sp\u00e9cialis\u00e9 vous aidera \u00e0 d\u00e9terminer le meilleur moyen de r\u00e9pondre \u00e0 vos besoins.<\/p>\n<p>[\/et_pb_text][\/et_pb_column][et_pb_column type=\u00a0\u00bb1_2&Prime; _builder_version=\u00a0\u00bb4.22.1&Prime; _module_preset=\u00a0\u00bbdefault\u00a0\u00bb global_colors_info=\u00a0\u00bb{}\u00a0\u00bb][et_pb_image src=\u00a0\u00bbhttps:\/\/lacombelsc.com\/wp-content\/uploads\/2023\/09\/pws.jpg\u00a0\u00bb title_text=\u00a0\u00bbpws\u00a0\u00bb align=\u00a0\u00bbcenter\u00a0\u00bb _builder_version=\u00a0\u00bb4.22.1&Prime; _module_preset=\u00a0\u00bbdefault\u00a0\u00bb max_height=\u00a0\u00bb450px\u00a0\u00bb border_radii=\u00a0\u00bbon|5px|5px|5px|5px\u00a0\u00bb global_colors_info=\u00a0\u00bb{}\u00a0\u00bb][\/et_pb_image][\/et_pb_column][\/et_pb_row][et_pb_row column_structure=\u00a0\u00bb1_2,1_2&Prime; _builder_version=\u00a0\u00bb4.22.1&Prime; _module_preset=\u00a0\u00bbdefault\u00a0\u00bb global_colors_info=\u00a0\u00bb{}\u00a0\u00bb][et_pb_column type=\u00a0\u00bb1_2&Prime; _builder_version=\u00a0\u00bb4.22.1&Prime; _module_preset=\u00a0\u00bbdefault\u00a0\u00bb global_colors_info=\u00a0\u00bb{}\u00a0\u00bb][et_pb_text _builder_version=\u00a0\u00bb4.22.1&Prime; _module_preset=\u00a0\u00bbdefault\u00a0\u00bb global_colors_info=\u00a0\u00bb{}\u00a0\u00bb]<\/p>\n<p>DIMENSIONS<\/p>\n<ul>\n<li>Taille du r\u00e9servoir\u00a0: 72\u00a0po x 48\u00a0po x 18\u00a0po<\/li>\n<li>R\u00e9servoir d\u2019eaux us\u00e9es\u00a0: 300\u00a0gal<\/li>\n<li>R\u00e9servoir d\u2019eau douce\u00a0: 250\u00a0gal<\/li>\n<\/ul>\n<p>\u00c9QUIPEMENT INCLUS<\/p>\n<ul>\n<li>Pompe 110\u00a0V<\/li>\n<li>Radiateur 110\u00a0V<\/li>\n<li>R\u00e9servoir d\u2019eau douce 250\u00a0gal<\/li>\n<li>R\u00e9servoir d\u2019eaux us\u00e9es 300\u00a0gal<\/li>\n<\/ul>\n<p>CONDITIONS D\u2019INSTALLATION<\/p>\n<ul>\n<li>Espace de 36\u00a0po entre le sol et le bas des solives sous la remorque<\/li>\n<li>Les r\u00e9servoirs doivent \u00eatre plac\u00e9s dans une bo\u00eete isol\u00e9e sous la remorque ou \u00e0 ses c\u00f4t\u00e9s<\/li>\n<li>Une trappe d\u2019acc\u00e8s doit \u00eatre pr\u00e9vue<\/li>\n<li>Les tuyaux doivent \u00eatre prolong\u00e9s jusqu\u2019\u00e0 l\u2019ext\u00e9rieur de l\u2019unit\u00e9<\/li>\n<li>Un trop-plein doit \u00eatre install\u00e9<\/li>\n<\/ul>\n<p>[\/et_pb_text][\/et_pb_column][et_pb_column type=\u00a0\u00bb1_2&Prime; _builder_version=\u00a0\u00bb4.22.1&Prime; _module_preset=\u00a0\u00bbdefault\u00a0\u00bb global_colors_info=\u00a0\u00bb{}\u00a0\u00bb][et_pb_text _builder_version=\u00a0\u00bb4.22.1&Prime; _module_preset=\u00a0\u00bbdefault\u00a0\u00bb global_colors_info=\u00a0\u00bb{}\u00a0\u00bb]<\/p>\n<p>SERVICES INCLUS<\/p>\n<ul>\n<li>Vidange des eaux us\u00e9es<\/li>\n<li>R\u00e9approvisionnement de l\u2019eau douce<\/li>\n<\/ul>\n<p>BESOINS EN \u00c9LECTRICIT\u00c9<\/p>\n<ul>\n<li>110 V 15\u00a0A pour les pompes<\/li>\n<li>110V 15\u00a0A pour les radiateurs<\/li>\n<li>Le client doit fournir les prises de courant et les rallonges n\u00e9cessaires pour raccorder les pompes et les radiateurs<\/li>\n<\/ul>\n<p><strong>L\u2019INSTALLATION DOIT \u00caTRE EFFECTU\u00c9E PAR NOS TECHNICIENS.<\/strong><\/p>\n<h3><strong>LE CLIENT EST RESPONSABLE DE TOUS LES BRANCHEMENTS \u00c9LECTRIQUES.<\/strong><\/h3>\n<p>[\/et_pb_text][\/et_pb_column][\/et_pb_row][\/et_pb_section]<\/p>\n","protected":false},"excerpt":{"rendered":"<p>Pour les remorques de chantier n\u00e9cessitant un syst\u00e8me d\u2019eau douce autonome. Notre personnel sp\u00e9cialis\u00e9 vous aidera \u00e0 d\u00e9terminer le meilleur moyen de r\u00e9pondre \u00e0 vos besoins.DIMENSIONS Taille du r\u00e9servoir\u00a0: 72\u00a0po x 48\u00a0po x 18\u00a0po R\u00e9servoir d\u2019eaux us\u00e9es\u00a0: 300\u00a0gal R\u00e9servoir d\u2019eau douce\u00a0: 250\u00a0gal \u00c9QUIPEMENT INCLUS Pompe 110\u00a0V Radiateur 110\u00a0V R\u00e9servoir d\u2019eau douce 250\u00a0gal R\u00e9servoir d\u2019eaux us\u00e9es [&hellip;]<\/p>\n","protected":false},"author":4,"featured_media":0,"parent":619,"menu_order":0,"comment_status":"closed","ping_status":"closed","template":"","meta":{"_et_pb_use_builder":"on","_et_pb_old_content":"","_et_gb_content_width":"","content-type":"","footnotes":""},"class_list":["post-624","page","type-page","status-publish","hentry"],"featured_image_src":null,"featured_image_src_square":null,"_links":{"self":[{"href":"https:\/\/lacombelsc.com\/fr\/wp-json\/wp\/v2\/pages\/624","targetHints":{"allow":["GET"]}}],"collection":[{"href":"https:\/\/lacombelsc.com\/fr\/wp-json\/wp\/v2\/pages"}],"about":[{"href":"https:\/\/lacombelsc.com\/fr\/wp-json\/wp\/v2\/types\/page"}],"author":[{"embeddable":true,"href":"https:\/\/lacombelsc.com\/fr\/wp-json\/wp\/v2\/users\/4"}],"replies":[{"embeddable":true,"href":"https:\/\/lacombelsc.com\/fr\/wp-json\/wp\/v2\/comments?post=624"}],"version-history":[{"count":0,"href":"https:\/\/lacombelsc.com\/fr\/wp-json\/wp\/v2\/pages\/624\/revisions"}],"up":[{"embeddable":true,"href":"https:\/\/lacombelsc.com\/fr\/wp-json\/wp\/v2\/pages\/619"}],"wp:attachment":[{"href":"https:\/\/lacombelsc.com\/fr\/wp-json\/wp\/v2\/media?parent=624"}],"curies":[{"name":"wp","href":"https:\/\/api.w.org\/{rel}","templated":true}]}}