{"id":638,"date":"2023-09-05T18:08:33","date_gmt":"2023-09-05T18:08:33","guid":{"rendered":"https:\/\/lacombelsc.wpenginepowered.com\/nos-produits\/evenements-speciaux\/lux-2\/"},"modified":"2024-01-18T12:28:14","modified_gmt":"2024-01-18T12:28:14","slug":"lux-2","status":"publish","type":"page","link":"https:\/\/lacombelsc.com\/fr\/nos-produits\/evenements-speciaux\/lux-2\/","title":{"rendered":"LUX-2"},"content":{"rendered":"<p>[et_pb_section fb_built=\u00a0\u00bb1&Prime; _builder_version=\u00a0\u00bb4.22.1&Prime; _module_preset=\u00a0\u00bbdefault\u00a0\u00bb global_colors_info=\u00a0\u00bb{}\u00a0\u00bb][et_pb_row _builder_version=\u00a0\u00bb4.22.1&Prime; _module_preset=\u00a0\u00bbdefault\u00a0\u00bb global_colors_info=\u00a0\u00bb{}\u00a0\u00bb][et_pb_column type=\u00a0\u00bb4_4&Prime; _builder_version=\u00a0\u00bb4.22.1&Prime; _module_preset=\u00a0\u00bbdefault\u00a0\u00bb global_colors_info=\u00a0\u00bb{}\u00a0\u00bb][et_pb_heading title=\u00a0\u00bbLUX-2&Prime; _builder_version=\u00a0\u00bb4.22.1&Prime; _module_preset=\u00a0\u00bbdefault\u00a0\u00bb title_text_align=\u00a0\u00bbcenter\u00a0\u00bb title_text_color=\u00a0\u00bb#3774c3&Prime; title_font_size=\u00a0\u00bb40px\u00a0\u00bb global_colors_info=\u00a0\u00bb{}\u00a0\u00bb][\/et_pb_heading][et_pb_heading title=\u00a0\u00bb\u00ab\u2009Impressionne m\u00eame les critiques les plus s\u00e9v\u00e8res.\u2009\u00bb\u00a0\u00bb _builder_version=\u00a0\u00bb4.22.2&Prime; _module_preset=\u00a0\u00bbdefault\u00a0\u00bb title_text_align=\u00a0\u00bbcenter\u00a0\u00bb global_colors_info=\u00a0\u00bb{}\u00a0\u00bb][\/et_pb_heading][\/et_pb_column][\/et_pb_row][et_pb_row column_structure=\u00a0\u00bb1_2,1_2&Prime; _builder_version=\u00a0\u00bb4.22.1&Prime; _module_preset=\u00a0\u00bbdefault\u00a0\u00bb global_colors_info=\u00a0\u00bb{}\u00a0\u00bb][et_pb_column type=\u00a0\u00bb1_2&Prime; _builder_version=\u00a0\u00bb4.22.1&Prime; _module_preset=\u00a0\u00bbdefault\u00a0\u00bb global_colors_info=\u00a0\u00bb{}\u00a0\u00bb][et_pb_text _builder_version=\u00a0\u00bb4.22.1&Prime; _module_preset=\u00a0\u00bbdefault\u00a0\u00bb global_colors_info=\u00a0\u00bb{}\u00a0\u00bb]<\/p>\n<p>Les commodit\u00e9s du LUX-2 repr\u00e9sentent le summum du luxe pour une remorque sanitaire.<\/p>\n<p>Cette unit\u00e9 s\u2019\u00e9l\u00e8ve au niveau des \u00e9v\u00e9nements les plus somptueux avec ses boiseries en \u00e9rable finement travaill\u00e9es, ses murs en marbre et ses haut-parleurs. Le niveau de splendeur que l\u2019on croyait r\u00e9serv\u00e9 aux \u00e9v\u00e9nements int\u00e9rieurs est d\u00e9sormais disponible partout o\u00f9 vous le d\u00e9sirez.<\/p>\n<p>Un entretien standard est effectu\u00e9 une fois par semaine par nos techniciens qualifi\u00e9s et comprend le nettoyage des toilettes, la vidange des eaux us\u00e9es et le r\u00e9approvisionnement en produits sanitaires si n\u00e9cessaire. Nous proposons des intervalles d\u2019entretien plus ou moins fr\u00e9quents pour nous adapter \u00e0 vos besoins sp\u00e9cifiques. Nos techniciens documentent toutes leurs interventions \u00e0 l\u2019int\u00e9rieur de l\u2019unit\u00e9 \u00e0 des fins de contr\u00f4le de la qualit\u00e9. Nous offrons un service d\u2019urgence\u00a024\/7.<\/p>\n<p>[\/et_pb_text][\/et_pb_column][et_pb_column type=\u00a0\u00bb1_2&Prime; _builder_version=\u00a0\u00bb4.22.1&Prime; _module_preset=\u00a0\u00bbdefault\u00a0\u00bb global_colors_info=\u00a0\u00bb{}\u00a0\u00bb][et_pb_image src=\u00a0\u00bbhttps:\/\/lacombelsc.com\/wp-content\/uploads\/2023\/10\/LUX-2-scaled.jpg\u00a0\u00bb title_text=\u00a0\u00bbLUX-2&Prime; align=\u00a0\u00bbcenter\u00a0\u00bb _builder_version=\u00a0\u00bb4.23.1&Prime; _module_preset=\u00a0\u00bbdefault\u00a0\u00bb max_height=\u00a0\u00bb450px\u00a0\u00bb border_radii=\u00a0\u00bbon|5px|5px|5px|5px\u00a0\u00bb global_colors_info=\u00a0\u00bb{}\u00a0\u00bb][\/et_pb_image][\/et_pb_column][\/et_pb_row][et_pb_row _builder_version=\u00a0\u00bb4.22.1&Prime; _module_preset=\u00a0\u00bbdefault\u00a0\u00bb global_colors_info=\u00a0\u00bb{}\u00a0\u00bb][et_pb_column type=\u00a0\u00bb4_4&Prime; _builder_version=\u00a0\u00bb4.22.1&Prime; _module_preset=\u00a0\u00bbdefault\u00a0\u00bb global_colors_info=\u00a0\u00bb{}\u00a0\u00bb][et_pb_gallery gallery_orderby=\u00a0\u00bbrand\u00a0\u00bb orientation=\u00a0\u00bbportrait\u00a0\u00bb show_title_and_caption=\u00a0\u00bboff\u00a0\u00bb show_pagination=\u00a0\u00bboff\u00a0\u00bb _builder_version=\u00a0\u00bb4.23.4&Prime; _module_preset=\u00a0\u00bbdefault\u00a0\u00bb hover_enabled=\u00a0\u00bb0&Prime; border_radii_image=\u00a0\u00bbon|5px|5px|5px|5px\u00a0\u00bb global_colors_info=\u00a0\u00bb{}\u00a0\u00bb gallery_ids=\u00a0\u00bb856,558,557&Prime; sticky_enabled=\u00a0\u00bb0&Prime;][\/et_pb_gallery][\/et_pb_column][\/et_pb_row][et_pb_row column_structure=\u00a0\u00bb1_2,1_2&Prime; _builder_version=\u00a0\u00bb4.22.1&Prime; _module_preset=\u00a0\u00bbdefault\u00a0\u00bb global_colors_info=\u00a0\u00bb{}\u00a0\u00bb][et_pb_column type=\u00a0\u00bb1_2&Prime; _builder_version=\u00a0\u00bb4.22.1&Prime; _module_preset=\u00a0\u00bbdefault\u00a0\u00bb global_colors_info=\u00a0\u00bb{}\u00a0\u00bb][et_pb_text _builder_version=\u00a0\u00bb4.22.1&Prime; _module_preset=\u00a0\u00bbdefault\u00a0\u00bb global_colors_info=\u00a0\u00bb{}\u00a0\u00bb]<\/p>\n<p>DIMENSIONS<\/p>\n<ul>\n<li>Ext\u00e9rieur\u00a0: 96\u00a0po x 100\u00a0po x 132\u00a0po et fl\u00e8che d\u2019attelage de 40\u00a0po<\/li>\n<li>Espace requis\u00a0: 180\u00a0po x 160\u00a0po<\/li>\n<li>R\u00e9servoir d\u2019eaux us\u00e9es\u00a0: 166\u00a0gal<\/li>\n<li>R\u00e9servoir d\u2019eau douce\u00a0: 65\u00a0gal<\/li>\n<\/ul>\n<p>\u00c9QUIPEMENT INCLUS<\/p>\n<ul>\n<li>Toilettes en c\u00e9ramique \u00e0 faible d\u00e9bit<\/li>\n<li>Urinoir<\/li>\n<li>\u00c9vier \u00e0 d\u00e9bit r\u00e9duit avec eau courante froide et chaude<\/li>\n<li>Miroirs<\/li>\n<li>Distributeur de serviettes en papier<\/li>\n<li>Distributeur de savon liquide<\/li>\n<li>Lumi\u00e8res int\u00e9rieures et ext\u00e9rieures<\/li>\n<li>Radiateur<\/li>\n<li>Climatiseur<\/li>\n<\/ul>\n<p>[\/et_pb_text][\/et_pb_column][et_pb_column type=\u00a0\u00bb1_2&Prime; _builder_version=\u00a0\u00bb4.22.1&Prime; _module_preset=\u00a0\u00bbdefault\u00a0\u00bb global_colors_info=\u00a0\u00bb{}\u00a0\u00bb][et_pb_text _builder_version=\u00a0\u00bb4.22.1&Prime; _module_preset=\u00a0\u00bbdefault\u00a0\u00bb global_colors_info=\u00a0\u00bb{}\u00a0\u00bb]<\/p>\n<p>REMARQUES<\/p>\n<ul>\n<li>L\u2019unit\u00e9 peut \u00eatre raccord\u00e9e \u00e0 l\u2019\u00e9gout et une alimentation directe en eau peut \u00eatre install\u00e9e<\/li>\n<li>L\u2019unit\u00e9 doit \u00eatre install\u00e9e sur un sol plat et solide<\/li>\n<li>Tous les prix sont bas\u00e9s sur une installation d\u2019une heure maximum (sauf indication contraire)<\/li>\n<\/ul>\n<p>SERVICES INCLUS<\/p>\n<ul>\n<li>Vidange des eaux us\u00e9es<\/li>\n<li>R\u00e9approvisionnement de l\u2019eau douce<\/li>\n<li>R\u00e9approvisionnement du savon, des serviettes en papier et du papier hygi\u00e9nique<\/li>\n<li>Nettoyage des toilettes et du sol<\/li>\n<li>Le client est responsable de la gestion des ordures<\/li>\n<\/ul>\n<p>BESOINS EN \u00c9LECTRICIT\u00c9<\/p>\n<ul>\n<li>2 X 125\u00a0V 30\u00a0A avec connecteur torsad\u00e9<\/li>\n<li>Le client peut utiliser un adaptateur 2 X 120 V 15A, mais le radiateur et le climatiseur auront une capacit\u00e9 de fonctionnement limit\u00e9e<\/li>\n<li>Le client doit fournir les rallonges n\u00e9cessaires pour raccorder les toilettes<\/li>\n<\/ul>\n<p><strong>LE CLIENT EST RESPONSABLE DE TOUS LES BRANCHEMENTS \u00c9LECTRIQUES. <\/strong><\/p>\n<p><strong>AUCUN RACCORDEMENT \u00c9LECTRIQUE N\u2019EST AUTORIS\u00c9.<\/strong><\/p>\n<p>[\/et_pb_text][\/et_pb_column][\/et_pb_row][\/et_pb_section]<\/p>\n","protected":false},"excerpt":{"rendered":"<p>Les commodit\u00e9s du LUX-2 repr\u00e9sentent le summum du luxe pour une remorque sanitaire. Cette unit\u00e9 s\u2019\u00e9l\u00e8ve au niveau des \u00e9v\u00e9nements les plus somptueux avec ses boiseries en \u00e9rable finement travaill\u00e9es, ses murs en marbre et ses haut-parleurs. Le niveau de splendeur que l\u2019on croyait r\u00e9serv\u00e9 aux \u00e9v\u00e9nements int\u00e9rieurs est d\u00e9sormais disponible partout o\u00f9 vous le [&hellip;]<\/p>\n","protected":false},"author":4,"featured_media":0,"parent":599,"menu_order":0,"comment_status":"closed","ping_status":"closed","template":"","meta":{"_et_pb_use_builder":"on","_et_pb_old_content":"","_et_gb_content_width":"","content-type":"","footnotes":""},"class_list":["post-638","page","type-page","status-publish","hentry"],"featured_image_src":null,"featured_image_src_square":null,"_links":{"self":[{"href":"https:\/\/lacombelsc.com\/fr\/wp-json\/wp\/v2\/pages\/638","targetHints":{"allow":["GET"]}}],"collection":[{"href":"https:\/\/lacombelsc.com\/fr\/wp-json\/wp\/v2\/pages"}],"about":[{"href":"https:\/\/lacombelsc.com\/fr\/wp-json\/wp\/v2\/types\/page"}],"author":[{"embeddable":true,"href":"https:\/\/lacombelsc.com\/fr\/wp-json\/wp\/v2\/users\/4"}],"replies":[{"embeddable":true,"href":"https:\/\/lacombelsc.com\/fr\/wp-json\/wp\/v2\/comments?post=638"}],"version-history":[{"count":0,"href":"https:\/\/lacombelsc.com\/fr\/wp-json\/wp\/v2\/pages\/638\/revisions"}],"up":[{"embeddable":true,"href":"https:\/\/lacombelsc.com\/fr\/wp-json\/wp\/v2\/pages\/599"}],"wp:attachment":[{"href":"https:\/\/lacombelsc.com\/fr\/wp-json\/wp\/v2\/media?parent=638"}],"curies":[{"name":"wp","href":"https:\/\/api.w.org\/{rel}","templated":true}]}}