{"id":646,"date":"2023-09-05T17:41:52","date_gmt":"2023-09-05T17:41:52","guid":{"rendered":"https:\/\/lacombelsc.wpenginepowered.com\/nos-produits\/evenements-speciaux\/wheelchair-accessible\/"},"modified":"2023-12-01T14:02:45","modified_gmt":"2023-12-01T14:02:45","slug":"wheelchair-accessible","status":"publish","type":"page","link":"https:\/\/lacombelsc.com\/fr\/nos-produits\/evenements-speciaux\/wheelchair-accessible\/","title":{"rendered":"Wheelchair Accessible"},"content":{"rendered":"<p>[et_pb_section fb_built=\u00a0\u00bb1&Prime; _builder_version=\u00a0\u00bb4.22.1&Prime; _module_preset=\u00a0\u00bbdefault\u00a0\u00bb global_colors_info=\u00a0\u00bb{}\u00a0\u00bb][et_pb_row _builder_version=\u00a0\u00bb4.22.1&Prime; _module_preset=\u00a0\u00bbdefault\u00a0\u00bb global_colors_info=\u00a0\u00bb{}\u00a0\u00bb][et_pb_column type=\u00a0\u00bb4_4&Prime; _builder_version=\u00a0\u00bb4.22.1&Prime; _module_preset=\u00a0\u00bbdefault\u00a0\u00bb global_colors_info=\u00a0\u00bb{}\u00a0\u00bb][et_pb_heading title=\u00a0\u00bbUnit\u00e9 accessible aux fauteuils roulants\u00a0\u00bb _builder_version=\u00a0\u00bb4.22.2&Prime; _module_preset=\u00a0\u00bbdefault\u00a0\u00bb title_text_align=\u00a0\u00bbcenter\u00a0\u00bb title_text_color=\u00a0\u00bb#3774c3&Prime; title_font_size=\u00a0\u00bb40px\u00a0\u00bb global_colors_info=\u00a0\u00bb{}\u00a0\u00bb][\/et_pb_heading][et_pb_heading title=\u00a0\u00bb\u00ab\u2009Les toilettes mobiles conformes aux normes ADA.\u2009\u00bb\u00a0\u00bb _builder_version=\u00a0\u00bb4.22.2&Prime; _module_preset=\u00a0\u00bbdefault\u00a0\u00bb title_text_align=\u00a0\u00bbcenter\u00a0\u00bb global_colors_info=\u00a0\u00bb{}\u00a0\u00bb][\/et_pb_heading][\/et_pb_column][\/et_pb_row][et_pb_row column_structure=\u00a0\u00bb1_2,1_2&Prime; _builder_version=\u00a0\u00bb4.22.1&Prime; _module_preset=\u00a0\u00bbdefault\u00a0\u00bb global_colors_info=\u00a0\u00bb{}\u00a0\u00bb][et_pb_column type=\u00a0\u00bb1_2&Prime; _builder_version=\u00a0\u00bb4.22.1&Prime; _module_preset=\u00a0\u00bbdefault\u00a0\u00bb global_colors_info=\u00a0\u00bb{}\u00a0\u00bb][et_pb_text _builder_version=\u00a0\u00bb4.22.1&Prime; _module_preset=\u00a0\u00bbdefault\u00a0\u00bb global_colors_info=\u00a0\u00bb{}\u00a0\u00bb]<\/p>\n<p>L\u2019unit\u00e9 accessible aux fauteuils roulants permet aux personnes ayant des besoins particuliers d\u2019utiliser les installations avec confort, en toute s\u00e9curit\u00e9.<\/p>\n<p>Une rampe d\u2019acc\u00e8s, des barres de s\u00e9curit\u00e9 et une porte plus large permettent aux utilisateurs un acc\u00e8s facile et totalement ind\u00e9pendant. Cette unit\u00e9 convient \u00e9galement aux personnes utilisant un d\u00e9ambulateur et est tr\u00e8s appr\u00e9ci\u00e9e des parents accompagn\u00e9s d\u2019enfants en bas \u00e2ge.<\/p>\n<p>L\u2019entretien est effectu\u00e9 hebdomadairement par nos techniciens qualifi\u00e9s et comprend le nettoyage des toilettes, la vidange des eaux us\u00e9es et le r\u00e9approvisionnement en produits sanitaires si n\u00e9cessaire. Nous proposons des intervalles d\u2019entretien plus ou moins fr\u00e9quents pour nous adapter \u00e0 vos besoins sp\u00e9cifiques. Nos techniciens documentent toutes leurs interventions \u00e0 l\u2019int\u00e9rieur de l\u2019unit\u00e9 \u00e0 des fins de contr\u00f4le de la qualit\u00e9. Nous offrons un service d\u2019urgence\u00a024\/7.<\/p>\n<p>[\/et_pb_text][\/et_pb_column][et_pb_column type=\u00a0\u00bb1_2&Prime; _builder_version=\u00a0\u00bb4.22.1&Prime; _module_preset=\u00a0\u00bbdefault\u00a0\u00bb global_colors_info=\u00a0\u00bb{}\u00a0\u00bb][et_pb_image src=\u00a0\u00bbhttps:\/\/lacombelsc.com\/wp-content\/uploads\/2023\/10\/Wheelchair-Accessible-.jpg\u00a0\u00bb title_text=\u00a0\u00bbWheelchair Accessible\u00a0\u00bb align=\u00a0\u00bbcenter\u00a0\u00bb _builder_version=\u00a0\u00bb4.23.1&Prime; _module_preset=\u00a0\u00bbdefault\u00a0\u00bb max_height=\u00a0\u00bb450px\u00a0\u00bb border_radii=\u00a0\u00bbon|5px|5px|5px|5px\u00a0\u00bb global_colors_info=\u00a0\u00bb{}\u00a0\u00bb][\/et_pb_image][\/et_pb_column][\/et_pb_row][et_pb_row _builder_version=\u00a0\u00bb4.22.1&Prime; _module_preset=\u00a0\u00bbdefault\u00a0\u00bb global_colors_info=\u00a0\u00bb{}\u00a0\u00bb][et_pb_column type=\u00a0\u00bb4_4&Prime; _builder_version=\u00a0\u00bb4.22.1&Prime; _module_preset=\u00a0\u00bbdefault\u00a0\u00bb global_colors_info=\u00a0\u00bb{}\u00a0\u00bb][et_pb_gallery gallery_ids=\u00a0\u00bb319,737&Prime; gallery_orderby=\u00a0\u00bbrand\u00a0\u00bb orientation=\u00a0\u00bbportrait\u00a0\u00bb show_title_and_caption=\u00a0\u00bboff\u00a0\u00bb show_pagination=\u00a0\u00bboff\u00a0\u00bb _builder_version=\u00a0\u00bb4.23.1&Prime; _module_preset=\u00a0\u00bbdefault\u00a0\u00bb hover_enabled=\u00a0\u00bb0&Prime; border_radii_image=\u00a0\u00bbon|5px|5px|5px|5px\u00a0\u00bb global_colors_info=\u00a0\u00bb{}\u00a0\u00bb sticky_enabled=\u00a0\u00bb0&Prime;][\/et_pb_gallery][\/et_pb_column][\/et_pb_row][et_pb_row column_structure=\u00a0\u00bb1_2,1_2&Prime; _builder_version=\u00a0\u00bb4.22.1&Prime; _module_preset=\u00a0\u00bbdefault\u00a0\u00bb global_colors_info=\u00a0\u00bb{}\u00a0\u00bb][et_pb_column type=\u00a0\u00bb1_2&Prime; _builder_version=\u00a0\u00bb4.22.1&Prime; _module_preset=\u00a0\u00bbdefault\u00a0\u00bb global_colors_info=\u00a0\u00bb{}\u00a0\u00bb][et_pb_text _builder_version=\u00a0\u00bb4.22.1&Prime; _module_preset=\u00a0\u00bbdefault\u00a0\u00bb global_colors_info=\u00a0\u00bb{}\u00a0\u00bb]<\/p>\n<p>DIMENSIONS<\/p>\n<ul>\n<li>Ext\u00e9rieur\u00a0: 62\u00a0po x 62\u00a0po x 91\u00a0po<\/li>\n<li>Poids\u00a0: 240\u00a0lb<\/li>\n<li>R\u00e9servoir d\u2019eaux us\u00e9es\u00a0: 50\u00a0gal<\/li>\n<\/ul>\n<p>\u00c9QUIPEMENT INCLUS<\/p>\n<ul>\n<li>Toilette sans chasse d\u2019eau avec si\u00e8ge<\/li>\n<\/ul>\n<p>HIVER<\/p>\n<ul>\n<li>Ajout d\u2019une solution saline afin d\u2019\u00e9viter le gel<\/li>\n<\/ul>\n<ul><\/ul>\n<p>[\/et_pb_text][\/et_pb_column][et_pb_column type=\u00a0\u00bb1_2&Prime; _builder_version=\u00a0\u00bb4.22.1&Prime; _module_preset=\u00a0\u00bbdefault\u00a0\u00bb global_colors_info=\u00a0\u00bb{}\u00a0\u00bb][et_pb_text _builder_version=\u00a0\u00bb4.22.1&Prime; _module_preset=\u00a0\u00bbdefault\u00a0\u00bb global_colors_info=\u00a0\u00bb{}\u00a0\u00bb]<\/p>\n<p>REMARQUES<\/p>\n<ul>\n<li>Unit\u00e9 sans chasse d\u2019eau<\/li>\n<li>Porte haute<\/li>\n<li>Montant de porte en aluminium trait\u00e9 thermiquement et con\u00e7u pour r\u00e9sister aux chocs frontaux<\/li>\n<li>\u00c9vents en angle pour emp\u00eacher la pluie d\u2019entrer dans la toilette<\/li>\n<li>Orifice d\u2019\u00e9chappement entre le r\u00e9servoir et l\u2019ext\u00e9rieur pour limiter les odeurs dans la toilette<\/li>\n<\/ul>\n<p>SERVICES INCLUS<\/p>\n<ul>\n<li>Vidange des eaux us\u00e9es<\/li>\n<li>R\u00e9approvisionnement du d\u00e9sinfectant \u00e0 main<\/li>\n<li>Nettoyage des toilettes et du sol<\/li>\n<li>Le client est responsable de la gestion des ordures<\/li>\n<\/ul>\n<p>[\/et_pb_text][\/et_pb_column][\/et_pb_row][\/et_pb_section]<\/p>\n","protected":false},"excerpt":{"rendered":"<p>L\u2019unit\u00e9 accessible aux fauteuils roulants permet aux personnes ayant des besoins particuliers d\u2019utiliser les installations avec confort, en toute s\u00e9curit\u00e9. Une rampe d\u2019acc\u00e8s, des barres de s\u00e9curit\u00e9 et une porte plus large permettent aux utilisateurs un acc\u00e8s facile et totalement ind\u00e9pendant. Cette unit\u00e9 convient \u00e9galement aux personnes utilisant un d\u00e9ambulateur et est tr\u00e8s appr\u00e9ci\u00e9e des [&hellip;]<\/p>\n","protected":false},"author":4,"featured_media":0,"parent":599,"menu_order":0,"comment_status":"closed","ping_status":"closed","template":"","meta":{"_et_pb_use_builder":"on","_et_pb_old_content":"","_et_gb_content_width":"","content-type":"","footnotes":""},"class_list":["post-646","page","type-page","status-publish","hentry"],"featured_image_src":null,"featured_image_src_square":null,"_links":{"self":[{"href":"https:\/\/lacombelsc.com\/fr\/wp-json\/wp\/v2\/pages\/646","targetHints":{"allow":["GET"]}}],"collection":[{"href":"https:\/\/lacombelsc.com\/fr\/wp-json\/wp\/v2\/pages"}],"about":[{"href":"https:\/\/lacombelsc.com\/fr\/wp-json\/wp\/v2\/types\/page"}],"author":[{"embeddable":true,"href":"https:\/\/lacombelsc.com\/fr\/wp-json\/wp\/v2\/users\/4"}],"replies":[{"embeddable":true,"href":"https:\/\/lacombelsc.com\/fr\/wp-json\/wp\/v2\/comments?post=646"}],"version-history":[{"count":0,"href":"https:\/\/lacombelsc.com\/fr\/wp-json\/wp\/v2\/pages\/646\/revisions"}],"up":[{"embeddable":true,"href":"https:\/\/lacombelsc.com\/fr\/wp-json\/wp\/v2\/pages\/599"}],"wp:attachment":[{"href":"https:\/\/lacombelsc.com\/fr\/wp-json\/wp\/v2\/media?parent=646"}],"curies":[{"name":"wp","href":"https:\/\/api.w.org\/{rel}","templated":true}]}}